{"id":75,"date":"2023-01-29T10:33:25","date_gmt":"2023-01-29T10:33:25","guid":{"rendered":"https:\/\/www.hotelparkan.cz\/?page_id=75"},"modified":"2023-02-11T16:42:43","modified_gmt":"2023-02-11T16:42:43","slug":"hotel","status":"publish","type":"page","link":"https:\/\/www.hotelparkan.cz\/?page_id=75","title":{"rendered":"Hotel"},"content":{"rendered":"\n<h2 class=\"has-black-color has-text-color wp-block-heading\"><strong>Z\u00e1kladn\u00ed informace o ubytov\u00e1n\u00ed<\/strong><\/h2>\n\n\n\n<div style=\"height:29px\" aria-hidden=\"true\" class=\"wp-block-spacer\"><\/div>\n\n\n\n<p><strong>Ubytov\u00e1n\u00ed od 14:00 do 20:00<\/strong><\/p>\n\n\n\n<p class=\"has-text-align-left has-black-color has-text-color\"><strong>Po\u010det pokoj\u016f<\/strong><\/p>\n\n\n\n<p class=\"has-black-color has-text-color\">15 dvou a v\u00edcel\u016f\u017ekov\u00fdch pokoj\u016f v\u010detn\u011b 1 apartm\u00e1nu<\/p>\n\n\n\n<p class=\"has-text-align-left has-black-color has-text-color\"><strong>Celkov\u00e1 kapacita<\/strong><\/p>\n\n\n\n<p class=\"has-black-color has-text-color\">38 l\u016f\u017eek + 2 p\u0159ist\u00fdlky<\/p>\n\n\n\n<p class=\"has-text-align-left has-black-color has-text-color\"><strong>Rozpis pokoj\u016f<\/strong><\/p>\n\n\n\n<p class=\"has-black-color has-text-color\">1 rodinn\u00fd apartm\u00e1n (2 lo\u017enice-dvoul\u016f\u017ekov\u00e1 a dvoul\u016f\u017ekov\u00e1 s mo\u017enost\u00ed p\u0159ist\u00fdlky se spole\u010dnou p\u0159eds\u00edn\u00ed a soci\u00e1ln\u00edm za\u0159\u00edzen\u00edm)<\/p>\n\n\n\n<p class=\"has-black-color has-text-color\">10 dvoul\u016f\u017ekov\u00fdch pokoj\u016f<\/p>\n\n\n\n<p class=\"has-black-color has-text-color\">2 t\u0159\u00edl\u016f\u017ekov\u00e9 pokoje<\/p>\n\n\n\n<p class=\"has-black-color has-text-color\">2 \u010dty\u0159l\u016f\u017ekov\u00e9, z toho 1 s mo\u017enost\u00ed p\u0159ist\u00fdlky<\/p>\n\n\n\n<p class=\"has-text-align-left has-black-color has-text-color\"><strong>Vybaven\u00ed pokoj\u016f<\/strong><\/p>\n\n\n\n<p class=\"has-black-color has-text-color\">Soci\u00e1ln\u00ed za\u0159\u00edzen\u00ed &#8211; sprcha, WC, TV na vy\u017e\u00e1d\u00e1n\u00ed, WiFi (poskytovatelem je firma Starnet s.r.o.)<\/p>\n\n\n\n<p class=\"has-text-align-center has-black-color has-text-color\"><strong>Mo\u017enost ubytov\u00e1n\u00ed i s pejsky.<\/strong><br><strong>Mo\u017enost proplacen\u00ed faktur z FKSP<\/strong><\/p>\n\n\n\n<h2 class=\"has-text-align-center has-black-color has-text-color wp-block-heading\"><strong>Neakceptujeme platebn\u00ed karty.<\/strong><\/h2>\n","protected":false},"excerpt":{"rendered":"<p>Z\u00e1kladn\u00ed informace o ubytov\u00e1n\u00ed Ubytov\u00e1n\u00ed od 14:00 do 20:00 Po\u010det pokoj\u016f 15 dvou a v\u00edcel\u016f\u017ekov\u00fdch pokoj\u016f v\u010detn\u011b 1 apartm\u00e1nu Celkov\u00e1 kapacita 38 l\u016f\u017eek + 2 p\u0159ist\u00fdlky Rozpis pokoj\u016f 1 rodinn\u00fd apartm\u00e1n (2 lo\u017enice-dvoul\u016f\u017ekov\u00e1 a dvoul\u016f\u017ekov\u00e1 s mo\u017enost\u00ed p\u0159ist\u00fdlky se spole\u010dnou p\u0159eds\u00edn\u00ed a soci\u00e1ln\u00edm za\u0159\u00edzen\u00edm) 10 dvoul\u016f\u017ekov\u00fdch pokoj\u016f 2 t\u0159\u00edl\u016f\u017ekov\u00e9 pokoje 2 \u010dty\u0159l\u016f\u017ekov\u00e9, z toho 1&hellip; <br \/> <a class=\"read-more\" href=\"https:\/\/www.hotelparkan.cz\/?page_id=75\">V\u00edce<\/a><\/p>\n","protected":false},"author":1,"featured_media":0,"parent":0,"menu_order":0,"comment_status":"closed","ping_status":"closed","template":"","meta":{"footnotes":""},"class_list":["post-75","page","type-page","status-publish","hentry"],"_links":{"self":[{"href":"https:\/\/www.hotelparkan.cz\/index.php?rest_route=\/wp\/v2\/pages\/75","targetHints":{"allow":["GET"]}}],"collection":[{"href":"https:\/\/www.hotelparkan.cz\/index.php?rest_route=\/wp\/v2\/pages"}],"about":[{"href":"https:\/\/www.hotelparkan.cz\/index.php?rest_route=\/wp\/v2\/types\/page"}],"author":[{"embeddable":true,"href":"https:\/\/www.hotelparkan.cz\/index.php?rest_route=\/wp\/v2\/users\/1"}],"replies":[{"embeddable":true,"href":"https:\/\/www.hotelparkan.cz\/index.php?rest_route=%2Fwp%2Fv2%2Fcomments&post=75"}],"version-history":[{"count":6,"href":"https:\/\/www.hotelparkan.cz\/index.php?rest_route=\/wp\/v2\/pages\/75\/revisions"}],"predecessor-version":[{"id":182,"href":"https:\/\/www.hotelparkan.cz\/index.php?rest_route=\/wp\/v2\/pages\/75\/revisions\/182"}],"wp:attachment":[{"href":"https:\/\/www.hotelparkan.cz\/index.php?rest_route=%2Fwp%2Fv2%2Fmedia&parent=75"}],"curies":[{"name":"wp","href":"https:\/\/api.w.org\/{rel}","templated":true}]}}