{"id":6,"date":"2023-01-29T09:10:00","date_gmt":"2023-01-29T09:10:00","guid":{"rendered":"https:\/\/www.hotelparkan.cz\/?page_id=6"},"modified":"2024-01-20T18:04:38","modified_gmt":"2024-01-20T18:04:38","slug":"o-nas-2","status":"publish","type":"page","link":"https:\/\/www.hotelparkan.cz\/","title":{"rendered":"O n\u00e1s"},"content":{"rendered":"<div  id=\"about-1\" style=\"background-color: rgb(254, 252, 242); background-image: none;\" data-label=\"About\" data-id=\"about-1\" data-export-id=\"about-1\" data-category=\"about\" class=\"about-1 content-section\"><div  class=\"gridContainer\"> <div  class=\"row text-center\"><div  class=\"section-title-col\" data-type=\"column\">   <p  class=\"lead\" style=\"text-align: left;\">A\u0165 u\u017e jste se zde ocitli z\u00e1m\u011brn\u011b \u010di n\u00e1hodou, jsme r\u00e1di \u017ee tu jste a budeme je\u0161t\u011b rad\u011bji, pokud se rozhodnete pro ubytov\u00e1n\u00ed u n\u00e1s.\n<br ><br ><span  style=\"font-weight: 400;\">Fungujeme ji\u017e od roku 1993<\/span>.\n<br ><br >Hotel Park\u00e1n je um\u00edst\u011bn v historick\u00e9m centru jiho\u010desk\u00fdch Prachatic, kter\u00e9 jsou tak\u00e9 naz\u00fdv\u00e1ny \u201eBr\u00e1nou \u0160umavy\u201c. Tato lokalita nab\u00edz\u00ed klidn\u00e9 a pohodln\u00e9 ubytov\u00e1n\u00ed a z\u00e1rove\u0148 je ide\u00e1ln\u00edm v\u00fdchoz\u00edm bodem pro v\u00fdlety po m\u011bst\u011b, bl\u00edzk\u00e9m i vzd\u00e1len\u00e9m okol\u00ed. Sna\u017e\u00edme se o osobn\u00ed p\u0159\u00edstup ke ka\u017ed\u00e9mu z host\u016f a snad se n\u00e1m to i da\u0159\u00ed, kdy\u017e jsme v roce 2013 oslavili ji\u017e 20 let existence. Jeliko\u017e se pova\u017eujeme za hotel-pension rodinn\u00e9ho typu, nenajdete u n\u00e1s na pokoj\u00edch minibar a osobn\u00edho kucha\u0159e, m\u016f\u017eete se ale t\u011b\u0161it na p\u0159ijateln\u00e9 ceny, informa\u010dn\u00ed let\u00e1ky na recepci, bezplatnou WiFi, cyklist\u00e9 zajist\u00e9 ocen\u00ed uzamykatelnou m\u00edstnost na kola a milovn\u00edky ps\u016f pot\u011b\u0161\u00ed, \u017ee sv\u00e9ho mazl\u00ed\u010dka nemus\u00ed nech\u00e1vat doma \u2013 n\u00e1m pejsi nevad\u00ed. A pokud si r\u00e1di p\u0159isp\u00edte tak v\u011bzte, \u017ee sn\u00eddat se u n\u00e1s m\u016f\u017ee klidn\u011b i do ob\u011bda.\n<br ><br >\nRestaurace a terasa slou\u017e\u00ed pouze na sn\u00eddan\u011b, r\u00e1di v\u00e1m ale doporu\u010d\u00edme, kde se dob\u0159e naj\u00edte dle va\u0161\u00ed chuti. Do \u017e\u00e1dn\u00e9ho z prachatick\u00fdch podnik\u016f od n\u00e1s nen\u00ed daleko a cesta ve v\u011bt\u0161in\u011b p\u0159\u00edpad\u016f vede historick\u00fdm centrem.\n<br ><br >\nN\u011bco m\u00e1lo z historie hotelu:<br >\nHistorie t\u00e9to budovy sah\u00e1 a\u017e do XIV. stolet\u00ed, tedy do doby, kdy byly Prachatice pov\u00fd\u0161eny na m\u011bsto. Jedn\u00e1 se o jeden z nejstar\u0161\u00edch kamen\u00fdch dom\u016f v Prachatic\u00edch a je zaps\u00e1n v seznamu kulturn\u00edch pam\u00e1tek.\n<br ><br >\nObjekt dlouho ch\u00e1tral a v roce 1992 byla zah\u00e1jena jeho kompletn\u00ed rekonstrukce na hotel, kter\u00e1 byla dokon\u010dena v srpnu 1993. Pr\u00e1v\u011b d\u00edky starobylosti domu u n\u00e1s nenajdete dva stejn\u00e9 pokoje \u2013 pln\u011b jsme respektovali minulost budovy.\n<br ><br >\nZ historie jsme vych\u00e1zeli i p\u0159i v\u00fdb\u011bru n\u00e1zvu hotelu \u2013 Park\u00e1n. D\u016fm je toti\u017e sou\u010d\u00e1st\u00ed m\u011bstsk\u00e9ho opevn\u011bn\u00ed a vn\u011bj\u0161\u00ed, v\u00edce ne\u017e dva metry siln\u00e1 ze\u010f, b\u00fdvala p\u016fvodn\u011b zd\u00ed hradebn\u00ed. Okna n\u011bkter\u00fdch pokoj\u016f v prvn\u00edm pat\u0159e slou\u017eila jako st\u0159\u00edlny obr\u00e1nc\u016f m\u011bsta. V dob\u00e1ch m\u00edru byly na toto vnit\u0159n\u00ed p\u00e1smo hradeb p\u0159istav\u011bny m\u011b\u0161\u0165ansk\u00e9 domy. Prostor mezi jednotliv\u00fdmi p\u00e1smy hradeb se naz\u00fdv\u00e1 \u201epark\u00e1n\u201c (v dob\u00e1ch m\u00edrov\u00fdch tr\u017ei\u0161t\u011b, v \u010dase v\u00e1lky h\u0159bitov) a odtud plyne n\u00e1\u0161 n\u00e1zev.\n<br ><br >\nVchod do recepce se nach\u00e1z\u00ed z ulice V\u011b\u017en\u00ed a jedn\u00e1 se o p\u016fvodn\u00ed s\u00ed\u0148 se zrekonstruovan\u00fdm tr\u00e1mov\u00fdm renesan\u010dn\u00edm stropem. Z t\u00e9 m\u016f\u017eete pokra\u010dovat do prostor restaurace. Ta je zdobena (pravd\u011bpodobn\u011b) gotick\u00fdmi klenbami a nach\u00e1z\u00ed se zde tak\u00e9 studna, kter\u00e1 byla znovuobjevena b\u011bhem rekonstrukce. N\u011bkter\u00e9 p\u0159edm\u011bty, je\u017e byly vyloveny p\u0159i jej\u00edm \u010di\u0161t\u011bn\u00ed, m\u016f\u017eete vid\u011bt v prachatick\u00e9m muzeu.\n<br ><br >\nZaj\u00edmavost\u00ed je syst\u00e9m oh\u0159evu tepl\u00e9 vody a vyt\u00e1p\u011bn\u00ed hotelu. Byli jsme jedni z prvn\u00edch v \u010cech\u00e1ch, kdo tento probl\u00e9m vy\u0159e\u0161il instalac\u00ed ekologicky i ekonomicky v\u00fdhodn\u00e9ho tepeln\u00e9ho \u010derpadla, kter\u00e9 vyu\u017e\u00edv\u00e1 tepeln\u00fd potenci\u00e1l dvou 130 metr\u016f hlubok\u00fdch vrt\u016f.<\/p><\/div> <\/div> <div  class=\"row\"> <div  class=\"button-holder space-bottom space-bottom-small\" data-type=\"column\"> <\/div> <div  class=\"col-xs bottom-xs flexbox image-group-bottom-3-img space-bottom-xs center-xs\"> <img  decoding=\"async\" class=\"left-img shadow-large-black\" data-size=\"500x300\" src=\"http:\/\/www.hotelparkan.cz\/wp-content\/uploads\/2023\/02\/cropped-cropped-DSCI0410.jpg\" title=\"cropped-cropped-DSCI0410.jpg\" alt=\"\"> <img  decoding=\"async\" class=\"center-img shadow-large-black\" data-size=\"500x300\" src=\"http:\/\/www.hotelparkan.cz\/wp-content\/uploads\/2023\/02\/DSCI0390.jpg\" title=\"DSCI0390\" alt=\"\"> <img  decoding=\"async\" class=\"right-img shadow-large-black\" data-size=\"500x300\" src=\"http:\/\/www.hotelparkan.cz\/wp-content\/uploads\/2023\/01\/cropped-IMG_20230109_132949_HDR-scaled-1.jpg\" title=\"IMG_20230109_132949_HDR\" alt=\"\"><\/div> <\/div><\/div> <\/div><div  id=\"contact-1\" data-label=\"Contact\" data-id=\"contact-1\" data-export-id=\"contact-1\" data-category=\"contact\" class=\"contact-1 content-section content-section-spacing content-relative section-title-col-white-text\" data-parallax-depth=\"20\"><div  class=\"section-separator-top\">\n    <svg  xmlns=\"http:\/\/www.w3.org\/2000\/svg\" viewBox=\"0 0 283.5 19.6\" preserveAspectRatio=\"none\" data-separator-name=\"opacity-fan\" class=\"section-separator-top\">\n\t<path  class=\"svg-white-bg\" style=\"opacity: 0.33;\" d=\"M0 0L0 18.8 141.8 4.1 283.5 18.8 283.5 0z\"><\/path>\n\t<path  class=\"svg-white-bg\" style=\"opacity: 0.33;\" d=\"M0 0L0 12.6 141.8 4 283.5 12.6 283.5 0z\"><\/path>\n\t<path  class=\"svg-white-bg\" style=\"opacity: 0.33;\" d=\"M0 0L0 6.4 141.8 4 283.5 6.4 283.5 0z\"><\/path>\n\t<path  class=\"svg-white-bg\" d=\"M0 0L0 1.2 141.8 4 283.5 1.2 283.5 0z\"><\/path>\n<\/svg>\n<\/div><div  class=\"gridContainer\"> <div  class=\"row text-center\"><div  class=\"section-title-col\" data-type=\"column\"> <h2  class=\"\">Kontaktujte n\u00e1s<span  id=\"_mce_caret\" data-mce-bogus=\"1\" data-mce-type=\"format-caret\"><span  style=\"color: rgb(246, 235, 235);\">\ufeff<\/span><\/span><\/h2> <\/div> <\/div> <div  class=\"row text-center\"> <div  class=\"col-xs-12 col-sm-8 col-sm-offset-2 contact-form-wrapper inline-info\"> <div  class=\"card large-padding\"> <div  class=\"\" data-content-shortcode=\"mesmerize_contact_form shortcode=&quot;contact-form-7 id=&amp;amp;quot;61&amp;amp;quot; title=&amp;amp;quot;Kontaktn\u00ed formul\u00e1\u0159 1&amp;amp;quot;&quot;\" data-editable=\"true\">\n<div class=\"wpcf7 no-js\" id=\"wpcf7-f61-o1\" lang=\"cs-CZ\" dir=\"ltr\" data-wpcf7-id=\"61\">\n<div class=\"screen-reader-response\"><p role=\"status\" aria-live=\"polite\" aria-atomic=\"true\"><\/p> <ul><\/ul><\/div>\n<form action=\"\/index.php?rest_route=%2Fwp%2Fv2%2Fpages%2F6#wpcf7-f61-o1\" method=\"post\" class=\"wpcf7-form init\" aria-label=\"Kontaktn\u00ed formul\u00e1\u0159\" novalidate=\"novalidate\" data-status=\"init\">\n<fieldset class=\"hidden-fields-container\"><input type=\"hidden\" name=\"_wpcf7\" value=\"61\" \/><input type=\"hidden\" name=\"_wpcf7_version\" value=\"6.1.4\" \/><input type=\"hidden\" name=\"_wpcf7_locale\" value=\"cs_CZ\" \/><input type=\"hidden\" name=\"_wpcf7_unit_tag\" value=\"wpcf7-f61-o1\" \/><input type=\"hidden\" name=\"_wpcf7_container_post\" value=\"0\" \/><input type=\"hidden\" name=\"_wpcf7_posted_data_hash\" value=\"\" \/>\n<\/fieldset>\n<p><label> Va\u0161e jm\u00e9no<br \/>\n<span class=\"wpcf7-form-control-wrap\" data-name=\"your-name\"><input size=\"40\" maxlength=\"400\" class=\"wpcf7-form-control wpcf7-text wpcf7-validates-as-required\" autocomplete=\"name\" aria-required=\"true\" aria-invalid=\"false\" value=\"\" type=\"text\" name=\"your-name\" \/><\/span> <\/label>\n<\/p>\n<p><label> V\u00e1\u0161 e-mail<br \/>\n<span class=\"wpcf7-form-control-wrap\" data-name=\"your-email\"><input size=\"40\" maxlength=\"400\" class=\"wpcf7-form-control wpcf7-email wpcf7-validates-as-required wpcf7-text wpcf7-validates-as-email\" autocomplete=\"email\" aria-required=\"true\" aria-invalid=\"false\" value=\"\" type=\"email\" name=\"your-email\" \/><\/span> <\/label>\n<\/p>\n<p><label> P\u0159edm\u011bt<br \/>\n<span class=\"wpcf7-form-control-wrap\" data-name=\"your-subject\"><input size=\"40\" maxlength=\"400\" class=\"wpcf7-form-control wpcf7-text wpcf7-validates-as-required\" aria-required=\"true\" aria-invalid=\"false\" value=\"\" type=\"text\" name=\"your-subject\" \/><\/span> <\/label>\n<\/p>\n<p><label> Va\u0161e zpr\u00e1va (voliteln\u00fd)<br \/>\n<span class=\"wpcf7-form-control-wrap\" data-name=\"your-message\"><textarea cols=\"40\" rows=\"10\" maxlength=\"2000\" class=\"wpcf7-form-control wpcf7-textarea\" aria-invalid=\"false\" name=\"your-message\"><\/textarea><\/span> <\/label>\n<\/p>\n<p><input class=\"wpcf7-form-control wpcf7-submit has-spinner\" type=\"submit\" value=\"Odeslat\" \/>\n<\/p><div class=\"wpcf7-response-output\" aria-hidden=\"true\"><\/div>\n<\/form>\n<\/div>\n<\/div><\/div> <\/div><\/div> <\/div><\/div>","protected":false},"excerpt":{"rendered":"<p>A\u0165 u\u017e jste se zde ocitli z\u00e1m\u011brn\u011b \u010di n\u00e1hodou, jsme r\u00e1di \u017ee tu jste a budeme je\u0161t\u011b rad\u011bji, pokud se rozhodnete pro ubytov\u00e1n\u00ed u n\u00e1s. Fungujeme ji\u017e od roku 1993. Hotel Park\u00e1n je um\u00edst\u011bn v historick\u00e9m centru jiho\u010desk\u00fdch Prachatic, kter\u00e9 jsou tak\u00e9 naz\u00fdv\u00e1ny \u201eBr\u00e1nou \u0160umavy\u201c. Tato lokalita nab\u00edz\u00ed klidn\u00e9 a pohodln\u00e9 ubytov\u00e1n\u00ed a z\u00e1rove\u0148 je&hellip; <br \/> <a class=\"read-more\" href=\"https:\/\/www.hotelparkan.cz\/\">V\u00edce<\/a><\/p>\n","protected":false},"author":1,"featured_media":0,"parent":0,"menu_order":0,"comment_status":"closed","ping_status":"closed","template":"page-templates\/homepage.php","meta":{"footnotes":""},"class_list":["post-6","page","type-page","status-publish","hentry"],"_links":{"self":[{"href":"https:\/\/www.hotelparkan.cz\/index.php?rest_route=\/wp\/v2\/pages\/6","targetHints":{"allow":["GET"]}}],"collection":[{"href":"https:\/\/www.hotelparkan.cz\/index.php?rest_route=\/wp\/v2\/pages"}],"about":[{"href":"https:\/\/www.hotelparkan.cz\/index.php?rest_route=\/wp\/v2\/types\/page"}],"author":[{"embeddable":true,"href":"https:\/\/www.hotelparkan.cz\/index.php?rest_route=\/wp\/v2\/users\/1"}],"replies":[{"embeddable":true,"href":"https:\/\/www.hotelparkan.cz\/index.php?rest_route=%2Fwp%2Fv2%2Fcomments&post=6"}],"version-history":[{"count":15,"href":"https:\/\/www.hotelparkan.cz\/index.php?rest_route=\/wp\/v2\/pages\/6\/revisions"}],"predecessor-version":[{"id":362,"href":"https:\/\/www.hotelparkan.cz\/index.php?rest_route=\/wp\/v2\/pages\/6\/revisions\/362"}],"wp:attachment":[{"href":"https:\/\/www.hotelparkan.cz\/index.php?rest_route=%2Fwp%2Fv2%2Fmedia&parent=6"}],"curies":[{"name":"wp","href":"https:\/\/api.w.org\/{rel}","templated":true}]}}