{"id":327,"date":"2023-03-29T21:04:13","date_gmt":"2023-03-29T21:04:13","guid":{"rendered":"https:\/\/www.hotelparkan.cz\/?page_id=327"},"modified":"2026-01-02T22:47:29","modified_gmt":"2026-01-02T22:47:29","slug":"contact","status":"publish","type":"page","link":"https:\/\/www.hotelparkan.cz\/?page_id=327&lang=en","title":{"rendered":"Contact"},"content":{"rendered":"\n<h1 class=\"wp-block-heading has-text-align-center\">Hotel Park\u00e1n<\/h1>\n\n\n\n<p class=\"has-text-align-center has-black-color has-text-color\">Ing. Tereza Hlav\u00e1\u010dov\u00e1 <\/p>\n\n\n\n<p class=\"has-text-align-center has-black-color has-text-color\">V\u011b\u017en\u00ed 51<\/p>\n\n\n\n<p class=\"has-text-align-center has-black-color has-text-color\">383 01&nbsp;Prachatice<\/p>\n\n\n\n<p class=\"has-text-align-center has-black-color has-text-color\">VAT no: 14303574\u00a0<\/p>\n\n\n\n<h5 class=\"wp-block-heading has-text-align-center\">Accomodation 14:00-20:00<\/h5>\n\n\n\n<p class=\"has-text-align-center has-black-color has-text-color\"><a href=\"https:\/\/web.archive.org\/web\/20220629231545\/https:\/\/hotelparkan.cz\/DE\/www.hotelparkan.cz\">www.hotelparkan.cz<\/a><\/p>\n\n\n\n<p class=\"has-text-align-center has-black-color has-text-color\"><a href=\"https:\/\/web.archive.org\/web\/20220629231545\/mailto:info@hotelparkan.cz\">info@hotelparkan.cz<\/a><\/p>\n\n\n\n<p class=\"has-text-align-center has-black-color has-text-color\">tel.:+420 388 311 868<\/p>\n\n\n\n<p class=\"has-text-align-center has-black-color has-text-color\">fax:+420 388 311 868<\/p>\n\n\n\n<p class=\"has-text-align-center has-black-color has-text-color\">GPS:&nbsp;49\u00b00&#8217;45.754&#8243;N&nbsp;,&nbsp;13\u00b059&#8217;59.05&#8243;E<\/p>\n\n\n<div class=\"wp-block-image\">\n<figure class=\"aligncenter size-full\"><a href=\"https:\/\/www.google.com\/maps\/place\/Hotel+Park%C3%A1n+Prachatice\/@49.0127813,13.9975335,17z\/data=!3m1!4b1!4m8!3m7!1s0x4774b01214f01021:0xc5054b431ccb4697!5m2!4m1!1i2!8m2!3d49.0127778!4d13.9997222\" target=\"_blank\" rel=\"noreferrer noopener\"><img loading=\"lazy\" decoding=\"async\" width=\"640\" height=\"480\" src=\"https:\/\/www.hotelparkan.cz\/wp-content\/uploads\/2023\/02\/mapa.jpg\" alt=\"\" class=\"wp-image-246\" srcset=\"https:\/\/www.hotelparkan.cz\/wp-content\/uploads\/2023\/02\/mapa.jpg 640w, https:\/\/www.hotelparkan.cz\/wp-content\/uploads\/2023\/02\/mapa-300x225.jpg 300w\" sizes=\"auto, (max-width: 640px) 100vw, 640px\" \/><\/a><\/figure>\n<\/div>","protected":false},"excerpt":{"rendered":"<p>Hotel Park\u00e1n Ing. Tereza Hlav\u00e1\u010dov\u00e1 V\u011b\u017en\u00ed 51 383 01&nbsp;Prachatice VAT no: 14303574\u00a0 Accomodation 14:00-20:00 www.hotelparkan.cz info@hotelparkan.cz tel.:+420 388 311 868 fax:+420 388 311 868 GPS:&nbsp;49\u00b00&#8217;45.754&#8243;N&nbsp;,&nbsp;13\u00b059&#8217;59.05&#8243;E<\/p>\n","protected":false},"author":1,"featured_media":0,"parent":0,"menu_order":0,"comment_status":"closed","ping_status":"closed","template":"","meta":{"footnotes":""},"class_list":["post-327","page","type-page","status-publish","hentry"],"_links":{"self":[{"href":"https:\/\/www.hotelparkan.cz\/index.php?rest_route=\/wp\/v2\/pages\/327","targetHints":{"allow":["GET"]}}],"collection":[{"href":"https:\/\/www.hotelparkan.cz\/index.php?rest_route=\/wp\/v2\/pages"}],"about":[{"href":"https:\/\/www.hotelparkan.cz\/index.php?rest_route=\/wp\/v2\/types\/page"}],"author":[{"embeddable":true,"href":"https:\/\/www.hotelparkan.cz\/index.php?rest_route=\/wp\/v2\/users\/1"}],"replies":[{"embeddable":true,"href":"https:\/\/www.hotelparkan.cz\/index.php?rest_route=%2Fwp%2Fv2%2Fcomments&post=327"}],"version-history":[{"count":2,"href":"https:\/\/www.hotelparkan.cz\/index.php?rest_route=\/wp\/v2\/pages\/327\/revisions"}],"predecessor-version":[{"id":374,"href":"https:\/\/www.hotelparkan.cz\/index.php?rest_route=\/wp\/v2\/pages\/327\/revisions\/374"}],"wp:attachment":[{"href":"https:\/\/www.hotelparkan.cz\/index.php?rest_route=%2Fwp%2Fv2%2Fmedia&parent=327"}],"curies":[{"name":"wp","href":"https:\/\/api.w.org\/{rel}","templated":true}]}}